{"id":4408,"date":"2026-08-28T10:02:38","date_gmt":"2026-08-28T15:02:38","guid":{"rendered":"https:\/\/staging.grupoattia.com\/lanzamiento-gale-alto-prado\/"},"modified":"2026-08-28T10:03:10","modified_gmt":"2026-08-28T15:03:10","slug":"lanzamiento-gale-alto-prado","status":"publish","type":"page","link":"https:\/\/staging.grupoattia.com\/es\/noticias\/lanzamiento-gale-alto-prado\/","title":{"rendered":"lanzamiento-gale-alto-prado"},"content":{"rendered":"<p><!-- \u2550\u2550\u2550\u2550\u2550\u2550\u2550\u2550\u2550\u2550\u2550\u2550\u2550\u2550\u2550\u2550\u2550\u2550\u2550\u2550\u2550\u2550\u2550\u2550\u2550\u2550\u2550\u2550\u2550\u2550\u2550\u2550\u2550\u2550\u2550\u2550\u2550\u2550\u2550\u2550\u2550\u2550\u2550\u2550\u2550\u2550\u2550\u2550\u2550\u2550\u2550\u2550\u2550\u2550\u2550\u2550\u2550\u2550\u2550\u2550\n       1 \u00b7 BANNER\n  \u2550\u2550\u2550\u2550\u2550\u2550\u2550\u2550\u2550\u2550\u2550\u2550\u2550\u2550\u2550\u2550\u2550\u2550\u2550\u2550\u2550\u2550\u2550\u2550\u2550\u2550\u2550\u2550\u2550\u2550\u2550\u2550\u2550\u2550\u2550\u2550\u2550\u2550\u2550\u2550\u2550\u2550\u2550\u2550\u2550\u2550\u2550\u2550\u2550\u2550\u2550\u2550\u2550\u2550\u2550\u2550\u2550\u2550\u2550\u2550 --><\/p>\n<section class=\"article-banner\" aria-label=\"Lanzamiento de Gal\u00e9 Alto Prado\">\n<div class=\"container\">\n<p class=\"eyebrow\" data-reveal=\"\" data-i18n-es=\"Proyectos\" data-i18n-en=\"Projects\">Proyectos<\/p>\n<h1 class=\"article-banner__title\" data-reveal=\"\" data-i18n-es=\"Lanzamiento de Gal\u00e9 Alto Prado\" data-i18n-en=\"Lanzamiento de Gal\u00e9 Alto Prado\">Lanzamiento de Gal\u00e9 Alto Prado<\/h1>\n<p class=\"article-banner__description\" data-reveal=\"\" data-i18n-es=\"Cr\u00f3nica del lanzamiento de Gal\u00e9, el nuevo proyecto de vivienda de Grupo Attia y Arias Serna Saravia en Barranquilla.\" data-i18n-en=\"Cr\u00f3nica del lanzamiento de Gal\u00e9, el nuevo proyecto de vivienda de Grupo Attia y Arias Serna Saravia en Barranquilla.\">Cr\u00f3nica del lanzamiento de Gal\u00e9, el nuevo proyecto de vivienda de Grupo Attia y Arias Serna Saravia en Barranquilla.<\/p>\n<p class=\"article-banner__date\" data-reveal=\"\">\n\t\t\t<svg viewbox=\"0 0 16 16\" fill=\"none\" aria-hidden=\"true\">\n\t\t\t\t<rect x=\"2\" y=\"3\" width=\"12\" height=\"11\" rx=\"1.5\" stroke=\"currentColor\" stroke-width=\"1.3\"><\/rect>\n\t\t\t\t<path d=\"M2 6.5h12M5 1.5v2.3M11 1.5v2.3\" stroke=\"currentColor\" stroke-width=\"1.3\" stroke-linecap=\"round\"><\/path>\n\t\t\t<\/svg><br \/>\n\t\t\t<span data-i18n-es=\"21 de mayo de 2025 \u00b7 Barranquilla, Colombia\" data-i18n-en=\"May 21, 2025 \u00b7 Barranquilla, Colombia\">21 de mayo de 2025 \u00b7 Barranquilla, Colombia<\/span>\n\t\t<\/p>\n<\/p><\/div>\n<\/section>\n<p><!-- \u2550\u2550\u2550\u2550\u2550\u2550\u2550\u2550\u2550\u2550\u2550\u2550\u2550\u2550\u2550\u2550\u2550\u2550\u2550\u2550\u2550\u2550\u2550\u2550\u2550\u2550\u2550\u2550\u2550\u2550\u2550\u2550\u2550\u2550\u2550\u2550\u2550\u2550\u2550\u2550\u2550\u2550\u2550\u2550\u2550\u2550\u2550\u2550\u2550\u2550\u2550\u2550\u2550\u2550\u2550\u2550\u2550\u2550\u2550\u2550\n       2 \u00b7 ART\u00cdCULO\n  \u2550\u2550\u2550\u2550\u2550\u2550\u2550\u2550\u2550\u2550\u2550\u2550\u2550\u2550\u2550\u2550\u2550\u2550\u2550\u2550\u2550\u2550\u2550\u2550\u2550\u2550\u2550\u2550\u2550\u2550\u2550\u2550\u2550\u2550\u2550\u2550\u2550\u2550\u2550\u2550\u2550\u2550\u2550\u2550\u2550\u2550\u2550\u2550\u2550\u2550\u2550\u2550\u2550\u2550\u2550\u2550\u2550\u2550\u2550\u2550 --><\/p>\n<section class=\"section\" aria-labelledby=\"article-title\">\n<div class=\"container\">\n<h2 id=\"article-title\" class=\"visually-hidden\" data-i18n-es=\"Lanzamiento de Gal\u00e9 Alto Prado\" data-i18n-en=\"Lanzamiento de Gal\u00e9 Alto Prado\">Lanzamiento de Gal\u00e9 Alto Prado<\/h2>\n<div class=\"article-layout\">\n<div class=\"article-layout__info\">\n<div class=\"article-meta\" data-reveal=\"\">\n\t\t\t\t\t<a href=\"\/es\/noticias\/\" class=\"article-meta__back\"><br \/>\n\t\t\t\t\t\t<svg viewbox=\"0 0 16 16\" fill=\"none\" aria-hidden=\"true\">\n\t\t\t\t\t\t\t<path d=\"M10 3L5 8l5 5\" stroke=\"currentColor\" stroke-width=\"1.5\" stroke-linecap=\"round\" stroke-linejoin=\"round\"><\/path>\n\t\t\t\t\t\t<\/svg><br \/>\n\t\t\t\t\t\t<span data-i18n-es=\"Volver a noticias\" data-i18n-en=\"Back to News\">Volver a noticias<\/span><br \/>\n\t\t\t\t\t<\/a><\/p>\n<div class=\"article-meta__share\">\n\t\t\t\t\t\t<span data-i18n-es=\"Compartir\" data-i18n-en=\"Share\">Compartir<\/span><br \/>\n\t\t\t\t\t\t<button type=\"button\" class=\"article-meta__share-btn\" data-share=\"\" aria-label=\"Compartir\"><br \/>\n\t\t\t\t\t\t\t<svg viewbox=\"0 0 24 24\" fill=\"none\" stroke=\"currentColor\" stroke-width=\"1.8\" stroke-linecap=\"round\" stroke-linejoin=\"round\" aria-hidden=\"true\">\n\t\t\t\t\t\t\t\t<path d=\"M12 15V3\"><\/path>\n\t\t\t\t\t\t\t\t<path d=\"M8 7l4-4 4 4\"><\/path>\n\t\t\t\t\t\t\t\t<path d=\"M4 13v6a2 2 0 002 2h12a2 2 0 002-2v-6\"><\/path>\n\t\t\t\t\t\t\t<\/svg><br \/>\n\t\t\t\t\t\t<\/button><br \/>\n\t\t\t\t\t\t<a href=\"https:\/\/wa.me\/?text=https:\/\/www.grupoattia.com\/noticias\/lanzamiento-gale-alto-prado\/\" target=\"_blank\" rel=\"noopener\" aria-label=\"Compartir por WhatsApp\"><br \/>\n\t\t\t\t\t\t\t<svg viewbox=\"0 0 24 24\" fill=\"currentColor\" aria-hidden=\"true\">\n\t\t\t\t\t\t\t\t<path d=\"M12 3a9 9 0 00-7.78 13.5L3 21l4.65-1.2A9 9 0 1012 3zm0 1.8a7.2 7.2 0 016.13 11.03l-.24.4.63 2.3-2.36-.62-.4.23A7.2 7.2 0 1112 4.8zm-2.9 3.4c-.2 0-.5.07-.77.37-.26.3-1 1-1 2.4 0 1.4 1.03 2.76 1.17 2.95.14.2 2 3.1 4.87 4.24 2.4.96 2.6.7 3.06.66.47-.04 1.5-.6 1.7-1.2.2-.58.2-1.08.15-1.18-.06-.1-.23-.17-.5-.3-.26-.14-1.5-.75-1.75-.83-.23-.1-.4-.14-.58.13-.16.27-.66.83-.8 1-.15.16-.3.18-.56.06-.26-.14-1.1-.4-2.1-1.3-.78-.68-1.3-1.53-1.46-1.8-.15-.26-.02-.4.12-.53.12-.13.27-.3.4-.46.14-.16.18-.27.28-.46.1-.2.05-.36-.02-.5-.07-.14-.58-1.44-.82-1.96-.2-.5-.42-.44-.58-.44h-.24z\"><\/path>\n\t\t\t\t\t\t\t<\/svg><br \/>\n\t\t\t\t\t\t<\/a>\n\t\t\t\t\t<\/div>\n<\/p><\/div>\n<article class=\"article-body\">\n<p class=\"article-body__lead\" data-reveal=\"\" data-i18n-es=\", nuestro nuevo proyecto de vivienda en Barranquilla. En un evento \u00edntimo y lleno de entusiasmo, compartimos por primera vez detalles exclusivos del proyecto y presentamos la maqueta que da vida a este sue\u00f1o.\" data-i18n-en=\", nuestro nuevo proyecto de vivienda en Barranquilla. En un evento \u00edntimo y lleno de entusiasmo, compartimos por primera vez detalles exclusivos del proyecto y presentamos la maqueta que da vida a este sue\u00f1o.\"><strong>La noche del mi\u00e9rcoles 21 de mayo fue verdaderamente especial:<\/strong> celebramos el emocionante lanzamiento de <strong>Gal\u00e9<\/strong>, nuestro nuevo proyecto de vivienda en Barranquilla. En un evento \u00edntimo y lleno de entusiasmo, compartimos por primera vez detalles exclusivos del proyecto y presentamos la maqueta que da vida a este sue\u00f1o.<\/p>\n<p data-reveal=\"\" data-i18n-es=\"Los anfitriones estuvieron cerca de cada invitado, creando un ambiente c\u00e1lido y lleno de conexi\u00f3n.\" data-i18n-en=\"Los anfitriones estuvieron cerca de cada invitado, creando un ambiente c\u00e1lido y lleno de conexi\u00f3n.\">Los anfitriones estuvieron cerca de cada invitado, creando un ambiente c\u00e1lido y lleno de conexi\u00f3n.<\/p>\n<div class=\"article-body__quote\" data-reveal=\"\">\n<p data-i18n-es=\"Fue una velada inolvidable, marcada por la emoci\u00f3n de lo que est\u00e1 por venir.\" data-i18n-en=\"Fue una velada inolvidable, marcada por la emoci\u00f3n de lo que est\u00e1 por venir.\">Fue una velada inolvidable, marcada por la emoci\u00f3n de lo que est\u00e1 por venir.<\/p>\n<\/p><\/div>\n<p data-reveal=\"\" data-i18n-es=\", y promete transformar la forma de vivir en la ciudad.\" data-i18n-en=\", y promete transformar la forma de vivir en la ciudad.\"><strong>Gal\u00e9<\/strong> nace de la uni\u00f3n entre <strong>Arias Serna Saravia<\/strong> y <strong>Grupo Attia<\/strong>, y promete transformar la forma de vivir en la ciudad.<\/p>\n<\/article><\/div>\n<div class=\"article-layout__media\">\n<div class=\"article-gallery\" data-reveal=\"\">\n\t\t\t\t\t<button type=\"button\" class=\"article-gallery__item article-gallery__item--full\"><br \/>\n\t\t\t\t\t\t<img src=\"https:\/\/staging.grupoattia.com\/wp-content\/themes\/nix\/html\/32261d2a\/assets\/images\/noticias\/lanzamiento-gale-alto-prado\/hero.webp\" width=\"1600\" height=\"1066\" alt=\"Maqueta iluminada de Gal\u00e9 Alto Prado presentada en su noche de lanzamiento\" loading=\"eager\" fetchpriority=\"high\" decoding=\"async\"><br \/>\n\t\t\t\t\t<\/button><br \/>\n\t\t\t\t\t<button type=\"button\" class=\"article-gallery__item article-gallery__item--full\"><br \/>\n\t\t\t\t\t\t<img src=\"https:\/\/staging.grupoattia.com\/wp-content\/themes\/nix\/html\/32261d2a\/assets\/images\/noticias\/lanzamiento-gale-alto-prado\/speech.webp\" width=\"1600\" height=\"1066\" alt=\"Presentaci\u00f3n de Gal\u00e9 ante los invitados en la noche de lanzamiento\" loading=\"lazy\" decoding=\"async\" style=\"object-position:center 30%\"><br \/>\n\t\t\t\t\t<\/button><br \/>\n\t\t\t\t\t<button type=\"button\" class=\"article-gallery__item article-gallery__item--half\"><br \/>\n\t\t\t\t\t\t<img src=\"https:\/\/staging.grupoattia.com\/wp-content\/themes\/nix\/html\/32261d2a\/assets\/images\/noticias\/lanzamiento-gale-alto-prado\/detalle-maqueta.webp\" width=\"1600\" height=\"1066\" alt=\"Invitados observando de cerca la maqueta de Gal\u00e9\" loading=\"lazy\" decoding=\"async\"><br \/>\n\t\t\t\t\t<\/button><br \/>\n\t\t\t\t\t<button type=\"button\" class=\"article-gallery__item article-gallery__item--half\"><br \/>\n\t\t\t\t\t\t<img src=\"https:\/\/staging.grupoattia.com\/wp-content\/themes\/nix\/html\/32261d2a\/assets\/images\/noticias\/lanzamiento-gale-alto-prado\/retrato-equipo.webp\" width=\"1600\" height=\"1066\" alt=\"Invitados junto a la maqueta iluminada de Gal\u00e9\" loading=\"lazy\" decoding=\"async\"><br \/>\n\t\t\t\t\t<\/button><br \/>\n\t\t\t\t\t<button type=\"button\" class=\"article-gallery__item article-gallery__item--full\"><br \/>\n\t\t\t\t\t\t<img src=\"https:\/\/staging.grupoattia.com\/wp-content\/themes\/nix\/html\/32261d2a\/assets\/images\/noticias\/lanzamiento-gale-alto-prado\/brindis-directivos.webp\" width=\"1600\" height=\"1066\" alt=\"Directivos de Arias Serna Saravia y Grupo Attia durante el brindis de lanzamiento\" loading=\"lazy\" decoding=\"async\" style=\"object-position:center 25%\"><br \/>\n\t\t\t\t\t<\/button><br \/>\n\t\t\t\t\t<button type=\"button\" class=\"article-gallery__item article-gallery__item--half\"><br \/>\n\t\t\t\t\t\t<img src=\"https:\/\/staging.grupoattia.com\/wp-content\/themes\/nix\/html\/32261d2a\/assets\/images\/noticias\/lanzamiento-gale-alto-prado\/grupo-invitados-1.webp\" width=\"1600\" height=\"1066\" alt=\"Equipo de Grupo Attia junto al backdrop de Gal\u00e9\" loading=\"lazy\" decoding=\"async\" style=\"object-position:center 20%\"><br \/>\n\t\t\t\t\t<\/button><br \/>\n\t\t\t\t\t<button type=\"button\" class=\"article-gallery__item article-gallery__item--half\"><br \/>\n\t\t\t\t\t\t<img src=\"https:\/\/staging.grupoattia.com\/wp-content\/themes\/nix\/html\/32261d2a\/assets\/images\/noticias\/lanzamiento-gale-alto-prado\/grupo-invitados-2.webp\" width=\"1600\" height=\"1066\" alt=\"Invitados celebrando el lanzamiento de Gal\u00e9\" loading=\"lazy\" decoding=\"async\" style=\"object-position:center 20%\"><br \/>\n\t\t\t\t\t<\/button>\n\t\t\t\t<\/div>\n<\/p><\/div>\n<p><!-- \/.article-layout__media -->\n\t\t<\/div>\n<p><!-- \/.article-layout --><\/p>\n<div class=\"article-closing\" data-reveal=\"\">\n<p data-i18n-es=\"Descubre el proyecto que dio vida a esta noche.\" data-i18n-en=\"Discover the project that brought this night to life.\">Descubre el proyecto que dio vida a esta noche.<\/p>\n<div class=\"article-closing__actions\">\n\t\t\t\t<a href=\"\/es\/portafolio\/gale-alto-prado\/\" class=\"btn btn--primary\" data-i18n-es=\"Conocer Gal\u00e9\" data-i18n-en=\"Learn About Gal\u00e9\">Conocer Gal\u00e9<\/a><br \/>\n\t\t\t\t<a href=\"\/es\/noticias\/\" class=\"btn btn--outline\" data-i18n-es=\"Ver m\u00e1s noticias\" data-i18n-en=\"View More News\">Ver m\u00e1s noticias<\/a>\n\t\t\t<\/div>\n<\/p><\/div>\n<\/p><\/div>\n<\/section>","protected":false},"excerpt":{"rendered":"<p>Proyectos Lanzamiento de Gal\u00e9 Alto Prado Cr\u00f3nica del lanzamiento de Gal\u00e9, el nuevo proyecto de vivienda de Grupo Attia y Arias Serna Saravia en Barranquilla. 21 de mayo de 2025 \u00b7 Barranquilla, Colombia Lanzamiento de Gal\u00e9 Alto Prado Volver a noticias Compartir La noche del mi\u00e9rcoles 21 de mayo fue verdaderamente especial: celebramos el emocionante [&hellip;]<\/p>","protected":false},"author":1,"featured_media":0,"parent":4331,"menu_order":0,"comment_status":"closed","ping_status":"closed","template":"","meta":{"content-type":"","footnotes":""},"class_list":["post-4408","page","type-page","status-publish","hentry"],"_links":{"self":[{"href":"https:\/\/staging.grupoattia.com\/es\/wp-json\/wp\/v2\/pages\/4408","targetHints":{"allow":["GET"]}}],"collection":[{"href":"https:\/\/staging.grupoattia.com\/es\/wp-json\/wp\/v2\/pages"}],"about":[{"href":"https:\/\/staging.grupoattia.com\/es\/wp-json\/wp\/v2\/types\/page"}],"author":[{"embeddable":true,"href":"https:\/\/staging.grupoattia.com\/es\/wp-json\/wp\/v2\/users\/1"}],"replies":[{"embeddable":true,"href":"https:\/\/staging.grupoattia.com\/es\/wp-json\/wp\/v2\/comments?post=4408"}],"version-history":[{"count":2,"href":"https:\/\/staging.grupoattia.com\/es\/wp-json\/wp\/v2\/pages\/4408\/revisions"}],"predecessor-version":[{"id":4410,"href":"https:\/\/staging.grupoattia.com\/es\/wp-json\/wp\/v2\/pages\/4408\/revisions\/4410"}],"up":[{"embeddable":true,"href":"https:\/\/staging.grupoattia.com\/es\/wp-json\/wp\/v2\/pages\/4331"}],"wp:attachment":[{"href":"https:\/\/staging.grupoattia.com\/es\/wp-json\/wp\/v2\/media?parent=4408"}],"curies":[{"name":"wp","href":"https:\/\/api.w.org\/{rel}","templated":true}]}}